{"id":930,"date":"2018-02-09T13:42:31","date_gmt":"2018-02-09T13:42:31","guid":{"rendered":"https:\/\/protecna.pt\/empresa\/"},"modified":"2023-08-04T10:52:15","modified_gmt":"2023-08-04T10:52:15","slug":"empresa","status":"publish","type":"page","link":"https:\/\/protecna.pt\/fr\/empresa\/","title":{"rendered":"Entreprise"},"content":{"rendered":"<p>[et_pb_section fb_built=\u00a0\u00bb1&Prime; _builder_version=\u00a0\u00bb3.0.100&Prime; custom_padding=\u00a0\u00bb30px|0px|0px|0px\u00a0\u00bb][et_pb_row use_custom_gutter=\u00a0\u00bbon\u00a0\u00bb gutter_width=\u00a0\u00bb1&Prime; custom_padding=\u00a0\u00bb0px|0px|27px|0px\u00a0\u00bb make_equal=\u00a0\u00bbon\u00a0\u00bb module_class=\u00a0\u00bbempresa\u00a0\u00bb _builder_version=\u00a0\u00bb3.0.100&Prime;][et_pb_column type=\u00a0\u00bb1_2&Prime; _builder_version=\u00a0\u00bb3.0.47&Prime; parallax=\u00a0\u00bboff\u00a0\u00bb parallax_method=\u00a0\u00bbon\u00a0\u00bb][et_pb_code admin_label=\u00a0\u00bb\u00c2ncora Empresa\u00a0\u00bb module_id=\u00a0\u00bbempresa\u00a0\u00bb _builder_version=\u00a0\u00bb3.0.100&Prime;]&lt;a &lt;a id=&quot;top&quot; style=&quot;display: block; position: relative; top: -250px; visibility: hidden;&quot;&gt;&lt;\/a&gt;[\/et_pb_code][et_pb_text admin_label=\u00a0\u00bbHist\u00f3ria da Empresa\u00a0\u00bb _builder_version=\u00a0\u00bb3.0.100&Prime; text_font_size=\u00a0\u00bb20px\u00a0\u00bb custom_padding=\u00a0\u00bb|80px||\u00a0\u00bb]Protecna a \u00e9t\u00e9 fond\u00e9e en 1978 \u00e9tant une entreprise avec plus de 45 ans d'exp\u00e9rience dans la r\u00e9alisation de projets d'ing\u00e9nierie et dans la prestation de services de conseil en ing\u00e9nierie.\r\nDepuis sa fondation, elle a d\u00e9velopp\u00e9 plusieurs projets d'\u0153uvres publiques et priv\u00e9es, avec un accent particulier sur les \u0153uvres d'art, l'assainissement de base, les routes, les rues et les b\u00e2timents publics et priv\u00e9s.\r\nEn 2006, Protecna a pass\u00e9 aussi \u00e0 pr\u00eater des services de gestion de la construction, \u00e0 savoir la coordination des projets, la supervision de la construction et la coordination de la s\u00e9curit\u00e9 et de la sant\u00e9 au travail, assurant \u00e0 ses clients un suivi int\u00e9gral de toutes les phases du projet.\r\nEn 2018 et suite \u00e0 la comm\u00e9moration des 40 ans d'activit\u00e9, Protecna maintient sa demande d'innovation et offre des services diff\u00e9renciants \u00e0 ses clients, en plus de renouveler toute son image institutionnelle, Protecna a d\u00e9velopp\u00e9 une application de support de gestion des projets qui permet une interaction en temps r\u00e9el entre les clients et leurs projets et \/ ou travaux.<br \/>\n[\/et_pb_text][\/et_pb_column][et_pb_column type=\u00a0\u00bb1_2&Prime; _builder_version=\u00a0\u00bb3.0.47&Prime; parallax=\u00a0\u00bboff\u00a0\u00bb parallax_method=\u00a0\u00bbon\u00a0\u00bb][et_pb_text admin_label=\u00a0\u00bbPerfil da Empresa\u00a0\u00bb _builder_version=\u00a0\u00bb3.0.100&Prime; text_font=\u00a0\u00bb|300|||||||\u00a0\u00bb text_font_size=\u00a0\u00bb16px\u00a0\u00bb custom_margin=\u00a0\u00bb|||60px\u00a0\u00bb]<h4>PROFIL D'ENTREPRISE<\/h4>En f\u00e9vrier 2006, Protecna - Bureau des \u00e9tudes et des projets, a \u00e9t\u00e9 restructur\u00e9 et est devenu Protecna - Consultores de engenharia, Lda.\r\nCe changement a traduit le nouveau profil d'une entreprise qui s\u2019est suppos\u00e9e comme r\u00e9f\u00e9rence dans le domaine du conseil et de l'ex\u00e9cution de projets de g\u00e9nie civil.\r\nProtecna, dont le si\u00e8ge est situ\u00e9 dans une r\u00e9gion attrayante pour l'investissement, se consacre \u00e0 la gestion int\u00e9gr\u00e9e de projets de construction pour des clients nationaux et internationaux, en soutenant ses clients depuis de la phase de d\u00e9finition de l\u2019investissement jusqu'\u00e0 la conclusion de l'entreprise.<br \/>\n[\/et_pb_text][et_pb_text admin_label=\u00a0\u00bbPol\u00edtica Interna\u00a0\u00bb _builder_version=\u00a0\u00bb3.0.100&Prime; text_font=\u00a0\u00bb|300|||||||\u00a0\u00bb text_font_size=\u00a0\u00bb16px\u00a0\u00bb custom_margin=\u00a0\u00bb60px|||60px\u00a0\u00bb]<h4>POLITIQUE INTERNE<\/h4>Forte de son exp\u00e9rience consolid\u00e9e depuis plus de 45 ans, l'entreprise a strat\u00e9giquement renforc\u00e9 ses comp\u00e9tences techniques et manag\u00e9riales afin de fournir un ensemble de services facilitant la r\u00e9ussite des projets de construction auxquels elle participe.\r\nProtecna est bas\u00e9e sur la rigueur technique des r\u00e9alisations dans lesquelles elle est impliqu\u00e9e et le strict respect des objectifs fix\u00e9s par les clients, \u00e0 savoir les co\u00fbts, les d\u00e9lais et autres aspects pertinents.\r\nProtena a soutenu aussi la formation continue de ses employ\u00e9s, avec un personnel technique compos\u00e9 de doctorats, de masters et de dipl\u00f4m\u00e9s d\u00fbment mis \u00e0 jour dans plusieurs domaines de l'ing\u00e9nierie.\r\nLe succ\u00e8s de nos clients, c'est le succ\u00e8s de la protection.<br \/>\n[\/et_pb_text][\/et_pb_column][\/et_pb_row][\/et_pb_section][et_pb_section fb_built=\u00a0\u00bb1&Prime; module_id=\u00a0\u00bbequipa\u00a0\u00bb _builder_version=\u00a0\u00bb3.0.100&Prime; custom_padding=\u00a0\u00bb60px|0px|54px|0px\u00a0\u00bb][et_pb_row make_fullwidth=\u00a0\u00bbon\u00a0\u00bb _builder_version=\u00a0\u00bb3.0.100&Prime;][et_pb_column type=\u00a0\u00bb4_4&Prime; _builder_version=\u00a0\u00bb3.0.47&Prime; parallax=\u00a0\u00bboff\u00a0\u00bb parallax_method=\u00a0\u00bbon\u00a0\u00bb][et_pb_text admin_label=\u00a0\u00bbT\u00edtulo Empresa\u00a0\u00bb module_class=\u00a0\u00bbtitle-with-bottomline\u00a0\u00bb _builder_version=\u00a0\u00bb3.0.100&Prime;]<h1><span class=\"container\"><title>\u00c9QUIPE<\/title><\/span><span id=\"bottomline\"><\/span><\/h1><br \/>\n[\/et_pb_text][\/et_pb_column][\/et_pb_row][et_pb_row use_custom_gutter=\u00a0\u00bbon\u00a0\u00bb gutter_width=\u00a0\u00bb1&Prime; custom_padding=\u00a0\u00bb27px|0px|27px|0px\u00a0\u00bb make_equal=\u00a0\u00bbon\u00a0\u00bb _builder_version=\u00a0\u00bb3.0.100&Prime;][et_pb_column type=\u00a0\u00bb4_4&Prime; _builder_version=\u00a0\u00bb3.0.47&Prime; parallax=\u00a0\u00bboff\u00a0\u00bb parallax_method=\u00a0\u00bbon\u00a0\u00bb][et_pb_text admin_label=\u00a0\u00bbDescri\u00e7\u00e3o Equipa e elementos\u00a0\u00bb _builder_version=\u00a0\u00bb3.0.100&Prime; text_font_size=\u00a0\u00bb20px\u00a0\u00bb custom_padding=\u00a0\u00bb|||\u00a0\u00bb]Protecna dispose d'une \u00e9quipe proactive de consultants internes et externes sp\u00e9cialis\u00e9s dans divers domaines de l'ing\u00e9nierie, tels que les structures, la g\u00e9otechnique, les infrastructures, les installations m\u00e9caniques et autres sp\u00e9cialit\u00e9s, pour l'octroi de licences et l'ex\u00e9cution de b\u00e2timents d'habitation, de commerce, de services, d'\u00e9ducation, de sport et d'industrie.<\/p>\n<p><div class='equipa row'><div class='col-md-3 col-sm-4 col-xs-12 integrante'><a id='antonio-morgado-andre' href='javascript:;'><img src='https:\/\/protecna.pt\/wp-content\/uploads\/2018\/02\/Ant\u00f3nio_web.jpg' \/><span class='nome-integrante'>Ant\u00f3nio Morgado Andr\u00e9<\/span><span class='cargo-integrante'>Ing\u00e9nieur civil<br>Sp\u00e9cialiste en Structures<br>Directeur associ\u00e9<\/span><\/a><div class='biografias-mobile'><div id='antonio-morgado-andre' class='bio-integrante'>Dipl\u00f4m\u00e9 en 2000 par l'Instituto Superior T\u00e9cnico (IST), Master en Structures (2005) et PhD en G\u00e9nie Civil (2016) par la Facult\u00e9 d'Ing\u00e9nierie de l'Universit\u00e9 de Porto (FEUP), il poss\u00e8de une vaste exp\u00e9rience dans l'\u00e9laboration et la coordination de projets, ayant re\u00e7u le titre de Sp\u00e9cialiste en Structures de l'Ordre des Ing\u00e9nieurs.<br \/>\r\nSa carri\u00e8re en tant que concepteur structurel a d\u00e9but\u00e9 chez AfaConsult au sein de l'\u00e9quipe de conception du stade municipal de Braga. En 2006, il prend la direction et la coordination technique de Protecna - Consultores de Engenharia.<br \/>\r\nIl a \u00e9t\u00e9 professeur associ\u00e9 invit\u00e9 \u00e0 l'Institut sup\u00e9rieur d'ing\u00e9nierie de l'Universit\u00e9 de l'Algarve entre 2003 et 2019, o\u00f9 il a enseign\u00e9 des unit\u00e9s de cours li\u00e9es \u00e0 la technologie du b\u00e2timent, aux processus de construction et aux travaux sp\u00e9ciaux (ponts et viaducs).<\/div><\/div><\/div><div class='col-md-3 col-sm-4 col-xs-12 integrante'><a id='regina-guerreiro-alexandre' href='javascript:;'><img src='https:\/\/protecna.pt\/wp-content\/uploads\/2018\/02\/ReginaGuerreiro_web.jpg' \/><span class='nome-integrante'>Regina Guerreiro Alexandre<\/span><span class='cargo-integrante'>Ing\u00e9nieur Civil<br>partenaire<\/span><\/a><div class='biografias-mobile'><div id='regina-guerreiro-alexandre' class='bio-integrante'>Dipl\u00f4m\u00e9 en g\u00e9nie civil de l'Universit\u00e9 d'Algarve (2012) et Master en g\u00e9nie civil - branche hydraulique et ressources en eau de l'Universit\u00e9 d'\u00c9vora (2015). Depuis 2012, elle d\u00e9veloppe son activit\u00e9 professionnelle chez Protecna, o\u00f9 elle travaille en tant que designer, coordinatrice et chef de projet. Elle est associ\u00e9e chez Protecna depuis mai 2020.<\/div><\/div><\/div><div class='col-md-3 col-sm-4 col-xs-12 integrante'><a id='6517' href='javascript:;'><img src='https:\/\/protecna.pt\/wp-content\/uploads\/2023\/02\/Image_20230222_143302_446-1.jpeg' \/><span class='nome-integrante'><\/span><span class='cargo-integrante'><\/span><\/a><\/div><div class='biografias container'><div id='antonio-morgado-andre' class='bio-integrante'>Dipl\u00f4m\u00e9 en 2000 par l'Instituto Superior T\u00e9cnico (IST), Master en Structures (2005) et PhD en G\u00e9nie Civil (2016) par la Facult\u00e9 d'Ing\u00e9nierie de l'Universit\u00e9 de Porto (FEUP), il poss\u00e8de une vaste exp\u00e9rience dans l'\u00e9laboration et la coordination de projets, ayant re\u00e7u le titre de Sp\u00e9cialiste en Structures de l'Ordre des Ing\u00e9nieurs.<br \/>\r\nSa carri\u00e8re en tant que concepteur structurel a d\u00e9but\u00e9 chez AfaConsult au sein de l'\u00e9quipe de conception du stade municipal de Braga. En 2006, il prend la direction et la coordination technique de Protecna - Consultores de Engenharia.<br \/>\r\nIl a \u00e9t\u00e9 professeur associ\u00e9 invit\u00e9 \u00e0 l'Institut sup\u00e9rieur d'ing\u00e9nierie de l'Universit\u00e9 de l'Algarve entre 2003 et 2019, o\u00f9 il a enseign\u00e9 des unit\u00e9s de cours li\u00e9es \u00e0 la technologie du b\u00e2timent, aux processus de construction et aux travaux sp\u00e9ciaux (ponts et viaducs).<\/div><div id='regina-guerreiro-alexandre' class='bio-integrante'>Dipl\u00f4m\u00e9 en g\u00e9nie civil de l'Universit\u00e9 d'Algarve (2012) et Master en g\u00e9nie civil - branche hydraulique et ressources en eau de l'Universit\u00e9 d'\u00c9vora (2015). Depuis 2012, elle d\u00e9veloppe son activit\u00e9 professionnelle chez Protecna, o\u00f9 elle travaille en tant que designer, coordinatrice et chef de projet. Elle est associ\u00e9e chez Protecna depuis mai 2020.<\/div><\/div><\/div><div class=\"equipa row\"><div class='col-md-3 col-sm-4 col-xs-12 integrante'><a id='carlos-morgado-andre' href='javascript:;'><img src='https:\/\/protecna.pt\/wp-content\/uploads\/2018\/02\/CarlosMorgadoAndre_web.jpg' \/><span class='nome-integrante'>Carlos Morgado Andr\u00e9<\/span><span class='cargo-integrante'>Ing\u00e9nieur Civil<br>Partenaire<\/span><\/a><div class='biografias-mobile'><div id='carlos-morgado-andre' class='bio-integrante'>Ing\u00e9nieur civil de l'Universit\u00e9 de Louren\u00e7o Marques (Maputo, Mozambique) et sp\u00e9cialiste en g\u00e9otechnique au LNEC.<br \/>\r\nAvec plus de 40 ans d'exp\u00e9rience professionnelle, il a con\u00e7u et supervis\u00e9 des dizaines d'\u0153uvres, dont plusieurs des ponts et l\u2019infrastructures.<br \/>\r\nIl a \u00e9t\u00e9 charg\u00e9 de cours dans plusieurs disciplines de g\u00e9nie civil \u00e0 l'Universit\u00e9 d'Algarve, o\u00f9 il a enseign\u00e9 pendant plus 20 ans.<br \/>\r\nAssoci\u00e9 fondateur de Protecna, il est actuellement conseiller technique de l'entreprise.<\/div><\/div><\/div><div class='col-md-3 col-sm-4 col-xs-12 integrante'><a id='6518' href='javascript:;'><img src='https:\/\/protecna.pt\/wp-content\/uploads\/2023\/03\/20230310_114126-3.jpg' \/><span class='nome-integrante'><\/span><span class='cargo-integrante'><\/span><\/a><\/div><div class='col-md-3 col-sm-4 col-xs-12 integrante'><a id='6519' href='javascript:;'><img src='https:\/\/protecna.pt\/wp-content\/uploads\/2022\/06\/WhatsApp-Image-2022-08-18-at-09.30.50.jpeg' \/><span class='nome-integrante'><\/span><span class='cargo-integrante'><\/span><\/a><\/div><div class='col-md-3 col-sm-4 col-xs-12 integrante'><a id='6520' href='javascript:;'><img src='https:\/\/protecna.pt\/wp-content\/uploads\/2024\/03\/WhatsApp-Image-2026-01-12-at-16.29.19-1.jpeg' \/><span class='nome-integrante'><\/span><span class='cargo-integrante'><\/span><\/a><\/div><div class='biografias container'><div id='carlos-morgado-andre' class='bio-integrante'>Ing\u00e9nieur civil de l'Universit\u00e9 de Louren\u00e7o Marques (Maputo, Mozambique) et sp\u00e9cialiste en g\u00e9otechnique au LNEC.<br \/>\r\nAvec plus de 40 ans d'exp\u00e9rience professionnelle, il a con\u00e7u et supervis\u00e9 des dizaines d'\u0153uvres, dont plusieurs des ponts et l\u2019infrastructures.<br \/>\r\nIl a \u00e9t\u00e9 charg\u00e9 de cours dans plusieurs disciplines de g\u00e9nie civil \u00e0 l'Universit\u00e9 d'Algarve, o\u00f9 il a enseign\u00e9 pendant plus 20 ans.<br \/>\r\nAssoci\u00e9 fondateur de Protecna, il est actuellement conseiller technique de l'entreprise.<\/div><\/div><\/div><div class=\"equipa row\"><div class='col-md-3 col-sm-4 col-xs-12 integrante'><a id='6521' href='javascript:;'><img src='https:\/\/protecna.pt\/wp-content\/uploads\/2024\/02\/IMG_3635-scaled.jpg' \/><span class='nome-integrante'><\/span><span class='cargo-integrante'><\/span><\/a><\/div><div class='col-md-3 col-sm-4 col-xs-12 integrante'><a id='6522' href='javascript:;'><img src='https:\/\/protecna.pt\/wp-content\/uploads\/2024\/03\/CAMILA-3.jpg' \/><span class='nome-integrante'><\/span><span class='cargo-integrante'><\/span><\/a><\/div><div class='col-md-3 col-sm-4 col-xs-12 integrante'><a id='6530' href='javascript:;'><img src='https:\/\/protecna.pt\/wp-content\/uploads\/2024\/03\/Foto-Tatiana.jpg' \/><span class='nome-integrante'><\/span><span class='cargo-integrante'><\/span><\/a><\/div><div class='col-md-3 col-sm-4 col-xs-12 integrante'><a id='6536' href='javascript:;'><img src='https:\/\/protecna.pt\/wp-content\/uploads\/2024\/09\/JOANA.jpg' \/><span class='nome-integrante'><\/span><span class='cargo-integrante'><\/span><\/a><\/div><div class='biografias container'><\/div><\/div><div class=\"equipa row\"><div class='col-md-3 col-sm-4 col-xs-12 integrante'><a id='6576' href='javascript:;'><img src='https:\/\/protecna.pt\/wp-content\/uploads\/2024\/09\/MIGUEL.jpg' \/><span class='nome-integrante'><\/span><span class='cargo-integrante'><\/span><\/a><\/div><div class='col-md-3 col-sm-4 col-xs-12 integrante'><a id='6589' href='javascript:;'><img src='https:\/\/protecna.pt\/wp-content\/uploads\/2025\/07\/ImageBW-scaled.jpeg' \/><span class='nome-integrante'><\/span><span class='cargo-integrante'><\/span><\/a><\/div><div class='biografias container'><\/div><\/div><br \/>\n[\/et_pb_text][\/et_pb_column][\/et_pb_row][\/et_pb_section][et_pb_section fb_built=\u00a0\u00bb1&Prime; module_id=\u00a0\u00bbrecrutamento\u00a0\u00bb module_class=\u00a0\u00bbblue-bgcolor\u00a0\u00bb _builder_version=\u00a0\u00bb3.0.100&Prime; custom_padding=\u00a0\u00bb54px|0px|0px|0px\u00a0\u00bb][et_pb_row make_fullwidth=\u00a0\u00bbon\u00a0\u00bb _builder_version=\u00a0\u00bb3.0.100&Prime;][et_pb_column type=\u00a0\u00bb4_4&Prime; _builder_version=\u00a0\u00bb3.0.47&Prime; parallax=\u00a0\u00bboff\u00a0\u00bb parallax_method=\u00a0\u00bbon\u00a0\u00bb][et_pb_text background_layout=\u00a0\u00bbdark\u00a0\u00bb admin_label=\u00a0\u00bbT\u00edtulo Recrutamento\u00a0\u00bb module_class=\u00a0\u00bbtitle-with-bottomline\u00a0\u00bb _builder_version=\u00a0\u00bb3.0.100&Prime;]<h1><span class=\"container\"><title><\/title><\/span><span id=\"bottomline\"><\/span><\/h1><br \/>\n[\/et_pb_text][\/et_pb_column][\/et_pb_row][et_pb_row _builder_version=\u00a0\u00bb3.0.100&Prime;][et_pb_column type=\u00a0\u00bb4_4&Prime; _builder_version=\u00a0\u00bb3.0.47&Prime; parallax=\u00a0\u00bboff\u00a0\u00bb parallax_method=\u00a0\u00bbon\u00a0\u00bb][et_pb_text admin_label=\u00a0\u00bbFormul\u00e1rio Recrutamento\u00a0\u00bb _builder_version=\u00a0\u00bb3.0.100&Prime;]<\/p>\n<script type=\"text\/javascript\">var gform;gform||(document.addEventListener(\"gform_main_scripts_loaded\",function(){gform.scriptsLoaded=!0}),window.addEventListener(\"DOMContentLoaded\",function(){gform.domLoaded=!0}),gform={domLoaded:!1,scriptsLoaded:!1,initializeOnLoaded:function(o){gform.domLoaded&&gform.scriptsLoaded?o():!gform.domLoaded&&gform.scriptsLoaded?window.addEventListener(\"DOMContentLoaded\",o):document.addEventListener(\"gform_main_scripts_loaded\",o)},hooks:{action:{},filter:{}},addAction:function(o,n,r,t){gform.addHook(\"action\",o,n,r,t)},addFilter:function(o,n,r,t){gform.addHook(\"filter\",o,n,r,t)},doAction:function(o){gform.doHook(\"action\",o,arguments)},applyFilters:function(o){return gform.doHook(\"filter\",o,arguments)},removeAction:function(o,n){gform.removeHook(\"action\",o,n)},removeFilter:function(o,n,r){gform.removeHook(\"filter\",o,n,r)},addHook:function(o,n,r,t,i){null==gform.hooks[o][n]&&(gform.hooks[o][n]=[]);var e=gform.hooks[o][n];null==i&&(i=n+\"_\"+e.length),gform.hooks[o][n].push({tag:i,callable:r,priority:t=null==t?10:t})},doHook:function(n,o,r){var t;if(r=Array.prototype.slice.call(r,1),null!=gform.hooks[n][o]&&((o=gform.hooks[n][o]).sort(function(o,n){return o.priority-n.priority}),o.forEach(function(o){\"function\"!=typeof(t=o.callable)&&(t=window[t]),\"action\"==n?t.apply(null,r):r[0]=t.apply(null,r)})),\"filter\"==n)return r[0]},removeHook:function(o,n,t,i){var r;null!=gform.hooks[o][n]&&(r=(r=gform.hooks[o][n]).filter(function(o,n,r){return!!(null!=i&&i!=o.tag||null!=t&&t!=o.priority)}),gform.hooks[o][n]=r)}});<\/script>\n                <div class='gf_browser_gecko gform_wrapper gravity-theme' id='gform_wrapper_2' >\n                        <div class='gform_heading'>\n                            <span class='gform_description'><\/span>\n                        <\/div><form method='post' enctype='multipart\/form-data'  id='gform_2'  action='\/fr\/wp-json\/wp\/v2\/pages\/930' >\n                        <div class='gform_body gform-body'><div id='gform_fields_2' class='gform_fields top_label form_sublabel_below description_below'><fieldset id=\"field_2_1\"  class=\"gfield gfield--width-half gfield_contains_required field_sublabel_hidden_label field_description_below hidden_label gfield_visibility_visible\"  data-js-reload=\"field_2_1\"><legend class='gfield_label gfield_label_before_complex'  >Nom<span class=\"gfield_required\"><span class=\"gfield_required gfield_required_text\">(N\u00e9cessaire)<\/span><\/span><\/legend><div class='ginput_complex ginput_container no_prefix has_first_name no_middle_name no_last_name no_suffix gf_name_has_1 ginput_container_name' id='input_2_1'>\n                            \n                            <span id='input_2_1_3_container' class='name_first' >\n                                                    <input type='text' name='input_1.3' id='input_2_1_3' value=''   aria-required='true'   placeholder='Nom'  \/>\n                                                    <label for='input_2_1_3' class='hidden_sub_label screen-reader-text'>Pr\u00e9nom<\/label>\n                                                <\/span>\n                            \n                            \n                            \n                        <\/div><\/fieldset><div id=\"field_2_3\"  class=\"gfield gfield--width-half field_sublabel_below field_description_below hidden_label gfield_visibility_visible\"  data-js-reload=\"field_2_3\"><label class='gfield_label' for='input_2_3' >Date de naissance<\/label><div class='ginput_container ginput_container_date'>\n                            <input name='input_3' id='input_2_3' type='text' value='' class='datepicker mdy datepicker_no_icon gdatepicker-no-icon'   placeholder='Date de naissance' aria-describedby=\"input_2_3_date_format\" aria-invalid=\"false\" \/>\n                            <span id='input_2_3_date_format' class='screen-reader-text'>MM slash JJ slash AAAA<\/span>\n                        <\/div>\n                        <input type='hidden' id='gforms_calendar_icon_input_2_3' class='gform_hidden' value='https:\/\/protecna.pt\/wp-content\/plugins\/gravityforms\/images\/datepicker\/datepicker.svg'\/><\/div><div id=\"field_2_5\"  class=\"gfield gfield--width-half gfield_contains_required field_sublabel_below field_description_below hidden_label gfield_visibility_visible\"  data-js-reload=\"field_2_5\"><label class='gfield_label' for='input_2_5' >Lieu<span class=\"gfield_required\"><span class=\"gfield_required gfield_required_text\">(N\u00e9cessaire)<\/span><\/span><\/label><div class='ginput_container ginput_container_text'><input name='input_5' id='input_2_5' type='text' value='' class='large'    placeholder='Lieu' aria-required=\"true\" aria-invalid=\"false\"   \/> <\/div><\/div><div id=\"field_2_6\"  class=\"gfield gfield--width-half field_sublabel_below field_description_below hidden_label gfield_visibility_visible\"  data-js-reload=\"field_2_6\"><label class='gfield_label' for='input_2_6' >T\u00e9l\u00e9phone<\/label><div class='ginput_container ginput_container_phone'><input name='input_6' id='input_2_6' type='text' value='' class='large'  placeholder='T\u00e9l\u00e9phone'  aria-invalid=\"false\"   \/><\/div><\/div><div id=\"field_2_7\"  class=\"gfield gfield--width-half field_sublabel_below field_description_below hidden_label gfield_visibility_visible\"  data-js-reload=\"field_2_7\"><label class='gfield_label' for='input_2_7' >Email<\/label><div class='ginput_container ginput_container_email'>\n                            <input name='input_7' id='input_2_7' type='text' value='' class='large'   placeholder='Email'  aria-invalid=\"false\"  \/>\n                        <\/div><\/div><div id=\"field_2_8\"  class=\"gfield gfield--width-half gfield_contains_required field_sublabel_below field_description_below hidden_label gfield_visibility_visible\"  data-js-reload=\"field_2_8\"><label class='gfield_label' for='input_2_8' >Qualifications<span class=\"gfield_required\"><span class=\"gfield_required gfield_required_text\">(N\u00e9cessaire)<\/span><\/span><\/label><div class='ginput_container ginput_container_text'><input name='input_8' id='input_2_8' type='text' value='' class='large'    placeholder='Qualifications' aria-required=\"true\" aria-invalid=\"false\"   \/> <\/div><\/div><div id=\"field_2_9\"  class=\"gfield gfield_contains_required field_sublabel_below field_description_below hidden_label gfield_visibility_visible\"  data-js-reload=\"field_2_9\"><label class='gfield_label' for='input_2_9' >Sem t\u00edtulo<span class=\"gfield_required\"><span class=\"gfield_required gfield_required_text\">(N\u00e9cessaire)<\/span><\/span><\/label><div class='ginput_container ginput_container_textarea'><textarea name='input_9' id='input_2_9' class='textarea medium'    placeholder='Exp\u00e9rience pertinente pour le poste pour leques vous postulei' aria-required=\"true\" aria-invalid=\"false\"   rows='10' cols='50'><\/textarea><\/div><\/div><div id=\"field_2_10\"  class=\"gfield gfield--width-full gfield_contains_required field_sublabel_below field_description_below hidden_label gfield_visibility_visible\"  data-js-reload=\"field_2_10\"><label class='gfield_label' for='input_2_10' >FILE<span class=\"gfield_required\"><span class=\"gfield_required gfield_required_text\">(N\u00e9cessaire)<\/span><\/span><\/label><div class='ginput_container ginput_container_fileupload'><input type='hidden' name='MAX_FILE_SIZE' value='8388608' \/><input name='input_10' id='input_2_10' type='file' class='large' aria-describedby=\"gfield_upload_rules_2_10\" onchange='javascript:gformValidateFileSize( this, 8388608 );'  \/><span class='gform_fileupload_rules' id='gfield_upload_rules_2_10'>Types de fichiers accept\u00e9s\u00a0: cvs, jpeg, pdf, jpg, Taille max. des fichiers\u00a0: 8 MB.<\/span><div class='validation_message validation_message--hidden-on-empty' id='live_validation_message_2_10'><\/div><\/div><\/div><\/div><\/div>\n        <div class='gform_footer top_label'> <input type='submit' id='gform_submit_button_2' class='gform_button button' value='Envoyer'  onclick='if(window[\"gf_submitting_2\"]){return false;}  window[\"gf_submitting_2\"]=true;  ' onkeypress='if( event.keyCode == 13 ){ if(window[\"gf_submitting_2\"]){return false;} window[\"gf_submitting_2\"]=true;  jQuery(\"#gform_2\").trigger(\"submit\",[true]); }' \/> \n            <input type='hidden' class='gform_hidden' name='is_submit_2' value='1' \/>\n            <input type='hidden' class='gform_hidden' name='gform_submit' value='2' \/>\n            \n            <input type='hidden' class='gform_hidden' name='gform_unique_id' value='' \/>\n            <input type='hidden' class='gform_hidden' name='state_2' value='WyJbXSIsImNiZjZmN2QwOTM0NzBiZGE5YWMyODYyODA2YTk0NjRlIl0=' \/>\n            <input type='hidden' class='gform_hidden' name='gform_target_page_number_2' id='gform_target_page_number_2' value='0' \/>\n            <input type='hidden' class='gform_hidden' name='gform_source_page_number_2' id='gform_source_page_number_2' value='1' \/>\n            <input type='hidden' name='gform_field_values' value='' \/>\n            \n        <\/div>\n                        <\/form>\n                        <\/div>\n<p>[\/et_pb_text][\/et_pb_column][\/et_pb_row][\/et_pb_section]<\/p>\n","protected":false},"excerpt":{"rendered":"<p>[et_pb_section fb_built=\u00a0\u00bb1&Prime; _builder_version=\u00a0\u00bb3.0.100&Prime; custom_padding=\u00a0\u00bb30px|0px|0px|0px\u00a0\u00bb][et_pb_row use_custom_gutter=\u00a0\u00bbon\u00a0\u00bb gutter_width=\u00a0\u00bb1&Prime; custom_padding=\u00a0\u00bb0px|0px|27px|0px\u00a0\u00bb make_equal=\u00a0\u00bbon\u00a0\u00bb module_class=\u00a0\u00bbempresa\u00a0\u00bb _builder_version=\u00a0\u00bb3.0.100&Prime;][et_pb_column type=\u00a0\u00bb1_2&Prime; _builder_version=\u00a0\u00bb3.0.47&Prime; parallax=\u00a0\u00bboff\u00a0\u00bb parallax_method=\u00a0\u00bbon\u00a0\u00bb][et_pb_code admin_label=\u00a0\u00bb\u00c2ncora Empresa\u00a0\u00bb module_id=\u00a0\u00bbempresa\u00a0\u00bb _builder_version=\u00a0\u00bb3.0.100&Prime;]&lt;a &lt;a id=&quot;top&quot; style=&quot;display: block; position: relative; top: -250px; visibility: hidden;&quot;&gt;&lt;\/a&gt;[\/et_pb_code][et_pb_text admin_label=\u00a0\u00bbHist\u00f3ria da Empresa\u00a0\u00bb _builder_version=\u00a0\u00bb3.0.100&Prime; text_font_size=\u00a0\u00bb20px\u00a0\u00bb custom_padding=\u00a0\u00bb|80px||\u00a0\u00bb] [\/et_pb_text][\/et_pb_column][et_pb_column type=\u00a0\u00bb1_2&Prime; _builder_version=\u00a0\u00bb3.0.47&Prime; parallax=\u00a0\u00bboff\u00a0\u00bb parallax_method=\u00a0\u00bbon\u00a0\u00bb][et_pb_text admin_label=\u00a0\u00bbPerfil da Empresa\u00a0\u00bb _builder_version=\u00a0\u00bb3.0.100&Prime; text_font=\u00a0\u00bb|300|||||||\u00a0\u00bb text_font_size=\u00a0\u00bb16px\u00a0\u00bb custom_margin=\u00a0\u00bb|||60px\u00a0\u00bb] [\/et_pb_text][et_pb_text admin_label=\u00a0\u00bbPol\u00edtica Interna\u00a0\u00bb _builder_version=\u00a0\u00bb3.0.100&Prime; text_font=\u00a0\u00bb|300|||||||\u00a0\u00bb text_font_size=\u00a0\u00bb16px\u00a0\u00bb custom_margin=\u00a0\u00bb60px|||60px\u00a0\u00bb] [\/et_pb_text][\/et_pb_column][\/et_pb_row][\/et_pb_section][et_pb_section fb_built=\u00a0\u00bb1&Prime; [&hellip;]<\/p>\n","protected":false},"author":2,"featured_media":1051,"parent":0,"menu_order":0,"comment_status":"closed","ping_status":"closed","template":"","meta":{"footnotes":""},"class_list":["post-930","page","type-page","status-publish","has-post-thumbnail","hentry"],"_links":{"self":[{"href":"https:\/\/protecna.pt\/fr\/wp-json\/wp\/v2\/pages\/930"}],"collection":[{"href":"https:\/\/protecna.pt\/fr\/wp-json\/wp\/v2\/pages"}],"about":[{"href":"https:\/\/protecna.pt\/fr\/wp-json\/wp\/v2\/types\/page"}],"author":[{"embeddable":true,"href":"https:\/\/protecna.pt\/fr\/wp-json\/wp\/v2\/users\/2"}],"replies":[{"embeddable":true,"href":"https:\/\/protecna.pt\/fr\/wp-json\/wp\/v2\/comments?post=930"}],"version-history":[{"count":22,"href":"https:\/\/protecna.pt\/fr\/wp-json\/wp\/v2\/pages\/930\/revisions"}],"predecessor-version":[{"id":6337,"href":"https:\/\/protecna.pt\/fr\/wp-json\/wp\/v2\/pages\/930\/revisions\/6337"}],"wp:featuredmedia":[{"embeddable":true,"href":"https:\/\/protecna.pt\/fr\/wp-json\/wp\/v2\/media\/1051"}],"wp:attachment":[{"href":"https:\/\/protecna.pt\/fr\/wp-json\/wp\/v2\/media?parent=930"}],"curies":[{"name":"wp","href":"https:\/\/api.w.org\/{rel}","templated":true}]}}